{"id":440,"date":"2024-06-10T22:57:22","date_gmt":"2024-06-10T22:57:22","guid":{"rendered":"https:\/\/drs-bezzina-biens-stefan-sabot-chirurgiens-dentistes.fr\/notre-equipe\/dr-jean-guysabot\/"},"modified":"2025-11-07T13:46:57","modified_gmt":"2025-11-07T13:46:57","slug":"dr-jean-guy-sabot","status":"publish","type":"notre-equipe","link":"https:\/\/drs-bezzina-biens-stefan-sabot-chirurgiens-dentistes.fr\/it\/la-nostra-squadra\/dr-jean-guy-sabot\/","title":{"rendered":"Dr Jean-Guy Sabot"},"content":{"rendered":"\n<h2 class=\"wp-block-heading\">Chirurgien Dentiste<br>Parodontie exclusive<\/h2>\n\n\n\n<p>Passionn\u00e9 par mon m\u00e9tier, ma plus belle satisfaction est que mes patientes et patients puissent croquer la vie \u00e0 pleines dents\u202f!<\/p>\n\n\n\n<p>La Parodontite se traite dans un tr\u00e8s grand nombre de cas de mani\u00e8re non invasive via des techniques respectueuses des tissus\u202f; ce qui permet un plus grand confort lors des soins et de rendre possible certaines r\u00e9g\u00e9n\u00e9rations naturellement.<\/p>\n\n\n\n<p>Un autre aspect passionnant est le lien indiscutable entre sant\u00e9 parodontale et sant\u00e9 g\u00e9n\u00e9rale&nbsp;: les \u00e9tudes scientifiques s\u2019accumulent pour d\u00e9montrer l\u2019impact majeur de la sant\u00e9 parodontale vis-\u00e0-vis de maladies cardiovasculaires, pulmonaires, auto-immunes, ost\u00e9o-articulaires, mais aussi le diab\u00e8te par exemple.<\/p>\n\n\n\n<p>Cela en est de m\u00eame pour la prise en charge des Apn\u00e9es du Sommeil (SAOS) qui, dans un grand nombre de situations, peut \u00eatre r\u00e9alis\u00e9e de mani\u00e8re satisfaisante via la mise en place d\u2019une Orth\u00e8se d\u2019Avanc\u00e9e Mandibulaire (OAM). Cette technique non invasive permet de corriger l\u2019impact d\u00e9l\u00e9t\u00e8re des apn\u00e9es sur notre sant\u00e9 cardiovasculaire par exemple, mais aussi de diminuer de mani\u00e8re drastique les ronflements.<\/p>\n\n\n\n<p>Mon envie d\u2019am\u00e9liorer le confort de mes patientes et patients m\u2019a \u00e9galement amen\u00e9 \u00e0 d\u00e9velopper mon expertise en chirurgie muco-gingivale afin de pouvoir renforcer et corriger quand cela est possible les cicatrices d\u2019une parodontite et\/ou de fragilit\u00e9s anatomiques. Des techniques de renforcement (\u00e9galement appel\u00e9s greffes de gencives) sont possibles par microchirurgie afin d\u2019assurer des suites post-op\u00e9ratoires minimes.<\/p>\n\n\n\n<p>Enfin, L\u2019expertise maxillo-faciale et buccodentaire est une autre corde \u00e0 mon arc pour accompagner les personnes victimes d\u2019accidents par exemple.<\/p>\n\n\n\n<p>\u00c9largir son regard de soignant sur la personne en sa globalit\u00e9 et non pas en un simple acte technique, c\u2019est ma valeur ajout\u00e9e pour traiter selon les donn\u00e9es acquises de la science et en pleine bienveillance.<\/p>\n\n\n\n<h2 class=\"wp-block-heading\">FORMATION INITIALE \u2013 EXPERIENCES PROFESSIONNELLES<\/h2>\n\n\n\n<ul class=\"wp-block-list\">\n<li><strong>2012-aujourd\u2019hui : Pratique lib\u00e9rale&nbsp;<\/strong><\/li>\n<\/ul>\n\n\n\n<p>Omnipratique orient\u00e9 parodontologie-implantologie. Antibes (Alpes-Maritimes) jusqu\u2019en 2022&nbsp;<\/p>\n\n\n\n<p>Exercice Exclusif en Parodontologie depuis 2022. (Associ\u00e9 Selarl ParoProm avec le&nbsp;Dr Bezzina Marie-Eve) Nice<\/p>\n\n\n\n<ul class=\"wp-block-list\">\n<li><strong>2013-2017 : Assistant Hospitalo-Universitaire Sous-Section Proth\u00e8ses&nbsp; &nbsp;<\/strong> &nbsp; <\/li>\n<\/ul>\n\n\n\n<p>Enseignement \u00e0 l\u2019UFR Odontologie ; Nice (Alpes-Maritimes)&nbsp;<\/p>\n\n\n\n<p>Pratique Clinique et Encadrement d\u2019\u00e9tudiants au CHU Saint-Roch ; Nice (Alpes-Maritimes)<\/p>\n\n\n\n<ul class=\"wp-block-list\">\n<li><strong>2012-2013 : Attach\u00e9 d\u2019enseignement Hospitalo-Universitaire Sous-Section Proth\u00e8ses&nbsp;UFR Odontologie ; Nice (Alpes-Maritimes)<\/strong><\/li>\n<\/ul>\n\n\n\n<ul class=\"wp-block-list\">\n<li><strong>2009 &#8211; 2012 : Troisi\u00e8me Cycle des \u00c9tudes Odontologiques&nbsp;<\/strong><\/li>\n<\/ul>\n\n\n\n<p>Internat en Odontologie \u2013 Attestation d\u2019\u00e9tudes approfondies, 3 ann\u00e9es de formation en Parodontologie \u2013 Implantologie et Proth\u00e8ses au CHU Saint-Roch ; Nice (Alpes-Maritimes)&nbsp;<\/p>\n\n\n\n<p>Master 1 Sciences de la vie et de la sant\u00e9 UFR Odontologie et M\u00e9decine option anatomie et biologie de la communication cellulaire ; Universit\u00e9 de Nice Sophia Antipolis<\/p>\n\n\n\n<ul class=\"wp-block-list\">\n<li><strong>2009 : Concours National de l\u2019Internat en Odontologie<\/strong>, Rang de classement : 23\u00e8me UFR Odontologie ; Nice (Alpes-Maritimes)<\/li>\n<\/ul>\n\n\n\n<ul class=\"wp-block-list\">\n<li><strong>2005 \u2013 2009 : Premier et second Cycle des \u00c9tudes Odontologiques,<\/strong> UFR Odontologie ; Nice (Alpes-Maritimes)<\/li>\n<\/ul>\n\n\n\n<ul class=\"wp-block-list\">\n<li><strong>2003-2005 : Premier Cycle des \u00c9tudes M\u00e9dicales<\/strong>, Concours de PCEM1,&nbsp;Rang de classement : 19\u00e8me UFR M\u00e9decine ; Nice (Alpes-Maritimes)<\/li>\n<\/ul>\n\n\n\n<h3 class=\"wp-block-heading\">Langues<\/h3>\n\n\n\n<ul class=\"wp-block-list\">\n<li><strong>Anglais<\/strong> : courant<\/li>\n\n\n\n<li><strong>Espagnol<\/strong> : interm\u00e9diaire<\/li>\n<\/ul>\n\n\n\n<h2 class=\"wp-block-heading\">DIPL\u00d4MES UNIVERSITAIRES<\/h2>\n\n\n\n<ul class=\"wp-block-list\">\n<li><strong>2019-2020 : D.U Expertise maxillo-faciale et Bucco-Dentaire&nbsp;<\/strong><\/li>\n<\/ul>\n\n\n\n<p>(Facult\u00e9 de M\u00e9decine de Montpellier-N\u00eemes, Universit\u00e9 de Montpellier)<\/p>\n\n\n\n<ul class=\"wp-block-list\">\n<li><strong>2017-2019 : D.E.SU Odontologie Appliqu\u00e9e, Mention Parodontologie<\/strong> <\/li>\n<\/ul>\n\n\n\n<p>Formation clinique sur 2 ans, Une vacation hebdomadaire en Chirurgie Plastique Parodontale au Service de La Timone, Marseille.&nbsp;&nbsp;<\/p>\n\n\n\n<p>(UFR Odontologie Marseille, Universit\u00e9 d&#8217;Aix Marseille)<\/p>\n\n\n\n<ul class=\"wp-block-list\">\n<li><strong>2016-2017 : D.E.S.U de Parodontologie En Pratique Clinique&nbsp;<\/strong><\/li>\n<\/ul>\n\n\n\n<p>Formation th\u00e9orique&nbsp;<\/p>\n\n\n\n<p>(UFR Odontologie Marseille, Universit\u00e9 d&#8217;Aix Marseille)<\/p>\n\n\n\n<ul class=\"wp-block-list\">\n<li><strong>2012 : Attestation d\u2019\u00e9tudes Approfondies en Odontologie (AEA)&nbsp;<\/strong><\/li>\n<\/ul>\n\n\n\n<p>(UFR Odontologie Nice, Universit\u00e9 de Nice Sophia Antipolis)<\/p>\n\n\n\n<ul class=\"wp-block-list\">\n<li><strong>2012 : C.E.S Odontologie proth\u00e9tique&nbsp;<\/strong><\/li>\n<\/ul>\n\n\n\n<p>(UFR Odontologie Nice, Universit\u00e9 de Nice Sophia-Antipolis)<\/p>\n\n\n\n<ul class=\"wp-block-list\">\n<li><strong>2012 : Attestation de s\u00e9dation consciente MEOPA&nbsp;<\/strong><\/li>\n<\/ul>\n\n\n\n<p>(UFR Odontologie Nice, Universit\u00e9 de Nice Sophia-Antipolis)<\/p>\n\n\n\n<ul class=\"wp-block-list\">\n<li><strong>2011 : Master 1 : Sciences de la Vie et de la Sant\u00e9&nbsp;<\/strong><\/li>\n<\/ul>\n\n\n\n<p>Unit\u00e9 d\u2019enseignement 1 : Anatomie&nbsp;&nbsp;<\/p>\n\n\n\n<p>Unit\u00e9 d\u2019enseignement 2 : Biochimie, Communication et signalisation cellulaire (UFR M\u00e9decine Nice, Universit\u00e9 de Nice Sophia Antipolis)<\/p>\n\n\n\n<ul class=\"wp-block-list\">\n<li><strong>2011 : Dipl\u00f4me d\u2019\u00c9tat de Docteur en Chirurgie Dentaire Mention tr\u00e8s honorable, f\u00e9licitations du jury&nbsp;<\/strong><\/li>\n<\/ul>\n\n\n\n<p>(UFR Odontologie Nice, Universit\u00e9 de Nice Sophia-Antipolis)<\/p>\n\n\n\n<ul class=\"wp-block-list\">\n<li><strong>2009 : 3\u00e8me prix Concours National de D\u00e9ontologie&nbsp;<\/strong>&nbsp;<\/li>\n<\/ul>\n\n\n\n<p>(Organis\u00e9 par le Conseil National de l&#8217;Ordre des Chirurgiens-Dentistes)<\/p>\n\n\n\n<ul class=\"wp-block-list\">\n<li><strong>2009 : Admission au Concours National de l\u2019Internat en Odontologie<\/strong>&nbsp;<\/li>\n<\/ul>\n\n\n\n<p>(UFR Odontologie Nice, Universit\u00e9 de Nice Sophia-Antipolis)<\/p>\n\n\n\n<ul class=\"wp-block-list\">\n<li><strong>2009 : Certificat de Synth\u00e8se Clinique et Th\u00e9rapeutique (CSCT)&nbsp;<\/strong><\/li>\n<\/ul>\n\n\n\n<p>(UFR Odontologie Nice, Universit\u00e9 de Nice Sophia-Antipolis)<\/p>\n\n\n\n<ul class=\"wp-block-list\">\n<li><strong>2009 : Attestation de formation \u00e0 la Radioprotection des patients expos\u00e9s aux rayonnements ionisants<\/strong>&nbsp;<\/li>\n<\/ul>\n\n\n\n<p>(UFR Odontologie Nice, Universit\u00e9 de Nice Sophia-Antipolis)<\/p>\n\n\n\n<h2 class=\"wp-block-heading\">COMMUNICATIONS ORALES<\/h2>\n\n\n\n<ul class=\"wp-block-list\">\n<li><strong>2023- \u2026. :  Conf\u00e9rencier pour la Soci\u00e9t\u00e9 Mectron Dental<\/strong><\/li>\n<\/ul>\n\n\n\n<ul class=\"wp-block-list\">\n<li><strong>2022 : Professional Education Society Grand Prix &amp; Mediterranean Cruise on&nbsp;Windstar&nbsp;<\/strong><\/li>\n<\/ul>\n\n\n\n<p>Conf\u00e9rence de chirurgie plastique parodontale aupr\u00e8s de confr\u00e8res am\u00e9ricains.&nbsp;&nbsp;<\/p>\n\n\n\n<ul class=\"wp-block-list\">\n<li><strong>2018 : Association Dentaire Fran\u00e7aise (ADF) ; Paris (France)&nbsp;<\/strong><\/li>\n<\/ul>\n\n\n\n<p>Responsable de S\u00e9ance D82 \u00ab La gestion de l\u2019\u00e9dent\u00e9 total : avec ou sans l\u2019aide d\u2019implants ? \u00bb&nbsp;<\/p>\n\n\n\n<ul class=\"wp-block-list\">\n<li><strong>2017 : Coll\u00e8ge d\u2019Omnipratique Dentaire (COD) ; Namur (Belgique)&nbsp;<\/strong>&nbsp;<\/li>\n<\/ul>\n\n\n\n<p>1\/R\u00e9habiliter dans la bientraitance par le biais d\u2019implants&nbsp;<\/p>\n\n\n\n<p>2\/ Impact du risque m\u00e9dical sur la sant\u00e9 bucco-dentaire et liens bidirectionnels&nbsp;<\/p>\n\n\n\n<ul class=\"wp-block-list\">\n<li><strong>2012 : CNEPO Strasbourg (Coll\u00e8ge National des Enseignants en Proth\u00e8se&nbsp;Odontologique)&nbsp;<\/strong><\/li>\n<\/ul>\n\n\n\n<p>Apport des Mini-Implants dans la r\u00e9habilitation proth\u00e9tique du patient fragilis\u00e9 ou \u00e2g\u00e9&nbsp;<\/p>\n\n\n\n<ul class=\"wp-block-list\">\n<li><strong>2011 : Journ\u00e9es Dentaires de Nice (JDN) ; Nice (France)&nbsp;<\/strong><\/li>\n<\/ul>\n\n\n\n<p>Encadrement de session de travaux pratiques sur le Th\u00e8me \u00ab incisions-Sutures \u00bb&nbsp;<\/p>\n\n\n\n<h2 class=\"wp-block-heading\">PUBLICATIONS<\/h2>\n\n\n\n<p><strong>Proth\u00e8se compl\u00e8te imm\u00e9diate : entre protocole conventionnel et int\u00e9gration du flux num\u00e9rique.<\/strong> Sabot JG, Pettiti M, Pouyss\u00e9gur V. EMC &#8211; M\u00e9decine buccale 2022\u202f;0(0)&nbsp;:1-11 [Article 28-670-A-10].<\/p>\n\n\n\n<p><strong>Nouvelle classification\u2026 Parodontite STADE 1 GRADE B<\/strong> L\u2019INFORMATION DENTAIRE n\u00b0 3\/4 &#8211; 27 janvier 2021 Faure-Brac M, Sabot JG, Boyer A, Melloul S, Monnet-Corti V<\/p>\n\n\n\n<p><strong>Le Lambeau Positionn\u00e9 lat\u00e9ralement&nbsp;: int\u00e9r\u00eat dans le traitement des r\u00e9cessions&nbsp;des&nbsp;molaires&nbsp;maxillaires.<\/strong> R\u00e9alit\u00e9s&nbsp;Cliniques&nbsp;2020.&nbsp;Vol.&nbsp;31,&nbsp;Hors-s\u00e9rie,&nbsp;pp&nbsp;16-21&nbsp;Martin&nbsp;C,&nbsp;Sabot&nbsp;JG,&nbsp;Melloul S,&nbsp;Monnet-Corti&nbsp;V<\/p>\n\n\n\n<p><strong>Gestion des r\u00e9cessions gingivales de type RT1 : avec ou sans apport conjonctif\u202f?<\/strong> R\u00e9alit\u00e9s Cliniques 2020. Vol. 31, Hors-s\u00e9rie, pp 28-37 Sabot JG, Lugari H, Monnet-Corti V<\/p>\n\n\n\n<p><strong>Maladies bucco-dentaires : cofacteurs de morbidit\u00e9 des personnes \u00e2g\u00e9es.<\/strong> La revue de g\u00e9riatrie, Tome 41, N\u00b01, janvier 2016. Pouyss\u00e9gur V, Pr\u00eacheur I, Sabot JG<\/p>\n\n\n\n<p><strong>R\u00f4le de La nutrition en Parodontie, ph\u00e9nom\u00e8nes inflammatoires et r\u00f4le essentiel de l\u2019\u00e9quilibre nutritionnel et acide\/base <\/strong> Fil Dentaire n\u00b095 Septembre 2014 p 20-28 Sabot JG, Bezzina ME, Baulieu J<\/p>\n\n\n\n<p><strong>Mini-implants, une alternative de choix<\/strong> Dentoscope n\u00b0128 Avril 2014, p-44-45 Sabot JG, Mahler P, Pouyss\u00e9gur V.<\/p>\n\n\n\n<p><strong>Mini implants pour patients fragiles, \u00e2g\u00e9s et pr\u00e9caires&nbsp;: alternative de choix?<\/strong> Strat\u00e9gie proth\u00e9tique janvier-f\u00e9vrier 2014 vol 14,n\u00b01 p 33-41 Sabot JG, Mahler P, Pouyss\u00e9gur V<\/p>\n","protected":false},"featured_media":910,"template":"","class_list":["post-440","notre-equipe","type-notre-equipe","status-publish","has-post-thumbnail","hentry"],"acf":[],"yoast_head":"<!-- This site is optimized with the Yoast SEO plugin v27.2 - https:\/\/yoast.com\/product\/yoast-seo-wordpress\/ -->\n<title>Docteur Jean-Guy Sabot | Parodontie exclusive \u00e0 Nice 06200<\/title>\n<meta name=\"description\" content=\"Dr Jean-Guy Sabot, chirurgien-dentiste, parodontiste exclusif au Cabinet B \u00e0 Nice 06200 : expertise maxillo-faciale et bucco-dentaire\" \/>\n<meta name=\"robots\" content=\"index, follow, max-snippet:-1, max-image-preview:large, max-video-preview:-1\" \/>\n<link rel=\"canonical\" href=\"https:\/\/drs-bezzina-biens-stefan-sabot-chirurgiens-dentistes.fr\/it\/la-nostra-squadra\/dr-jean-guy-sabot\/\" \/>\n<meta property=\"og:locale\" content=\"it_IT\" \/>\n<meta property=\"og:type\" content=\"article\" \/>\n<meta property=\"og:title\" content=\"Docteur Jean-Guy Sabot | Parodontie exclusive \u00e0 Nice 06200\" \/>\n<meta property=\"og:description\" content=\"Dr Jean-Guy Sabot, chirurgien-dentiste, parodontiste exclusif au Cabinet B \u00e0 Nice 06200 : expertise maxillo-faciale et bucco-dentaire\" \/>\n<meta property=\"og:url\" content=\"https:\/\/drs-bezzina-biens-stefan-sabot-chirurgiens-dentistes.fr\/it\/la-nostra-squadra\/dr-jean-guy-sabot\/\" \/>\n<meta property=\"og:site_name\" content=\"Cabinet B | Parodontie exclusive \u00e0 Nice\" \/>\n<meta property=\"article:modified_time\" content=\"2025-11-07T13:46:57+00:00\" \/>\n<meta property=\"og:image\" content=\"https:\/\/drs-bezzina-biens-stefan-sabot-chirurgiens-dentistes.fr\/wp-content\/uploads\/2024\/06\/jean-guy-chirurgien-dentiste-parodontiste.webp\" \/>\n\t<meta property=\"og:image:width\" content=\"660\" \/>\n\t<meta property=\"og:image:height\" content=\"880\" \/>\n\t<meta property=\"og:image:type\" content=\"image\/webp\" \/>\n<meta name=\"twitter:card\" content=\"summary_large_image\" \/>\n<meta name=\"twitter:label1\" content=\"Est. reading time\" \/>\n\t<meta name=\"twitter:data1\" content=\"6 minutes\" \/>\n<script type=\"application\/ld+json\" class=\"yoast-schema-graph\">{\"@context\":\"https:\/\/schema.org\",\"@graph\":[{\"@type\":\"WebPage\",\"@id\":\"https:\/\/drs-bezzina-biens-stefan-sabot-chirurgiens-dentistes.fr\/it\/la-nostra-squadra\/dr-jean-guy-sabot\/\",\"url\":\"https:\/\/drs-bezzina-biens-stefan-sabot-chirurgiens-dentistes.fr\/it\/la-nostra-squadra\/dr-jean-guy-sabot\/\",\"name\":\"Docteur Jean-Guy Sabot | Parodontie exclusive \u00e0 Nice 06200\",\"isPartOf\":{\"@id\":\"https:\/\/drs-bezzina-biens-stefan-sabot-chirurgiens-dentistes.fr\/it\/#website\"},\"primaryImageOfPage\":{\"@id\":\"https:\/\/drs-bezzina-biens-stefan-sabot-chirurgiens-dentistes.fr\/it\/la-nostra-squadra\/dr-jean-guy-sabot\/#primaryimage\"},\"image\":{\"@id\":\"https:\/\/drs-bezzina-biens-stefan-sabot-chirurgiens-dentistes.fr\/it\/la-nostra-squadra\/dr-jean-guy-sabot\/#primaryimage\"},\"thumbnailUrl\":\"https:\/\/drs-bezzina-biens-stefan-sabot-chirurgiens-dentistes.fr\/wp-content\/uploads\/2024\/06\/jean-guy-chirurgien-dentiste-parodontiste.webp\",\"datePublished\":\"2024-06-10T22:57:22+00:00\",\"dateModified\":\"2025-11-07T13:46:57+00:00\",\"description\":\"Dr Jean-Guy Sabot, chirurgien-dentiste, parodontiste exclusif au Cabinet B \u00e0 Nice 06200 : expertise maxillo-faciale et bucco-dentaire\",\"breadcrumb\":{\"@id\":\"https:\/\/drs-bezzina-biens-stefan-sabot-chirurgiens-dentistes.fr\/it\/la-nostra-squadra\/dr-jean-guy-sabot\/#breadcrumb\"},\"inLanguage\":\"it-IT\",\"potentialAction\":[{\"@type\":\"ReadAction\",\"target\":[\"https:\/\/drs-bezzina-biens-stefan-sabot-chirurgiens-dentistes.fr\/it\/la-nostra-squadra\/dr-jean-guy-sabot\/\"]}]},{\"@type\":\"ImageObject\",\"inLanguage\":\"it-IT\",\"@id\":\"https:\/\/drs-bezzina-biens-stefan-sabot-chirurgiens-dentistes.fr\/it\/la-nostra-squadra\/dr-jean-guy-sabot\/#primaryimage\",\"url\":\"https:\/\/drs-bezzina-biens-stefan-sabot-chirurgiens-dentistes.fr\/wp-content\/uploads\/2024\/06\/jean-guy-chirurgien-dentiste-parodontiste.webp\",\"contentUrl\":\"https:\/\/drs-bezzina-biens-stefan-sabot-chirurgiens-dentistes.fr\/wp-content\/uploads\/2024\/06\/jean-guy-chirurgien-dentiste-parodontiste.webp\",\"width\":660,\"height\":880,\"caption\":\"Dr Jean-Guy Sabot, Chirurgien Dentiste, Parodontiste exclusif \u00e0 Nice\"},{\"@type\":\"BreadcrumbList\",\"@id\":\"https:\/\/drs-bezzina-biens-stefan-sabot-chirurgiens-dentistes.fr\/it\/la-nostra-squadra\/dr-jean-guy-sabot\/#breadcrumb\",\"itemListElement\":[{\"@type\":\"ListItem\",\"position\":1,\"name\":\"Accueil\",\"item\":\"https:\/\/drs-bezzina-biens-stefan-sabot-chirurgiens-dentistes.fr\/it\/\"},{\"@type\":\"ListItem\",\"position\":2,\"name\":\"Dr Jean-Guy Sabot\"}]},{\"@type\":\"WebSite\",\"@id\":\"https:\/\/drs-bezzina-biens-stefan-sabot-chirurgiens-dentistes.fr\/it\/#website\",\"url\":\"https:\/\/drs-bezzina-biens-stefan-sabot-chirurgiens-dentistes.fr\/it\/\",\"name\":\"Cabinet B | Parodontie exclusive \u00e0 Nice\",\"description\":\"Cabinet B des Drs Bezzina, Biens, Stefan &amp; Sabot \u00e0 Nice 06200\",\"potentialAction\":[{\"@type\":\"SearchAction\",\"target\":{\"@type\":\"EntryPoint\",\"urlTemplate\":\"https:\/\/drs-bezzina-biens-stefan-sabot-chirurgiens-dentistes.fr\/it\/?s={search_term_string}\"},\"query-input\":{\"@type\":\"PropertyValueSpecification\",\"valueRequired\":true,\"valueName\":\"search_term_string\"}}],\"inLanguage\":\"it-IT\"}]}<\/script>\n<!-- \/ Yoast SEO plugin. -->","yoast_head_json":{"title":"Docteur Jean-Guy Sabot | Parodontie exclusive \u00e0 Nice 06200","description":"Dr Jean-Guy Sabot, chirurgien-dentiste, parodontiste exclusif au Cabinet B \u00e0 Nice 06200 : expertise maxillo-faciale et bucco-dentaire","robots":{"index":"index","follow":"follow","max-snippet":"max-snippet:-1","max-image-preview":"max-image-preview:large","max-video-preview":"max-video-preview:-1"},"canonical":"https:\/\/drs-bezzina-biens-stefan-sabot-chirurgiens-dentistes.fr\/it\/la-nostra-squadra\/dr-jean-guy-sabot\/","og_locale":"it_IT","og_type":"article","og_title":"Docteur Jean-Guy Sabot | Parodontie exclusive \u00e0 Nice 06200","og_description":"Dr Jean-Guy Sabot, chirurgien-dentiste, parodontiste exclusif au Cabinet B \u00e0 Nice 06200 : expertise maxillo-faciale et bucco-dentaire","og_url":"https:\/\/drs-bezzina-biens-stefan-sabot-chirurgiens-dentistes.fr\/it\/la-nostra-squadra\/dr-jean-guy-sabot\/","og_site_name":"Cabinet B | Parodontie exclusive \u00e0 Nice","article_modified_time":"2025-11-07T13:46:57+00:00","og_image":[{"width":660,"height":880,"url":"https:\/\/drs-bezzina-biens-stefan-sabot-chirurgiens-dentistes.fr\/wp-content\/uploads\/2024\/06\/jean-guy-chirurgien-dentiste-parodontiste.webp","type":"image\/webp"}],"twitter_card":"summary_large_image","twitter_misc":{"Est. reading time":"6 minutes"},"schema":{"@context":"https:\/\/schema.org","@graph":[{"@type":"WebPage","@id":"https:\/\/drs-bezzina-biens-stefan-sabot-chirurgiens-dentistes.fr\/it\/la-nostra-squadra\/dr-jean-guy-sabot\/","url":"https:\/\/drs-bezzina-biens-stefan-sabot-chirurgiens-dentistes.fr\/it\/la-nostra-squadra\/dr-jean-guy-sabot\/","name":"Docteur Jean-Guy Sabot | Parodontie exclusive \u00e0 Nice 06200","isPartOf":{"@id":"https:\/\/drs-bezzina-biens-stefan-sabot-chirurgiens-dentistes.fr\/it\/#website"},"primaryImageOfPage":{"@id":"https:\/\/drs-bezzina-biens-stefan-sabot-chirurgiens-dentistes.fr\/it\/la-nostra-squadra\/dr-jean-guy-sabot\/#primaryimage"},"image":{"@id":"https:\/\/drs-bezzina-biens-stefan-sabot-chirurgiens-dentistes.fr\/it\/la-nostra-squadra\/dr-jean-guy-sabot\/#primaryimage"},"thumbnailUrl":"https:\/\/drs-bezzina-biens-stefan-sabot-chirurgiens-dentistes.fr\/wp-content\/uploads\/2024\/06\/jean-guy-chirurgien-dentiste-parodontiste.webp","datePublished":"2024-06-10T22:57:22+00:00","dateModified":"2025-11-07T13:46:57+00:00","description":"Dr Jean-Guy Sabot, chirurgien-dentiste, parodontiste exclusif au Cabinet B \u00e0 Nice 06200 : expertise maxillo-faciale et bucco-dentaire","breadcrumb":{"@id":"https:\/\/drs-bezzina-biens-stefan-sabot-chirurgiens-dentistes.fr\/it\/la-nostra-squadra\/dr-jean-guy-sabot\/#breadcrumb"},"inLanguage":"it-IT","potentialAction":[{"@type":"ReadAction","target":["https:\/\/drs-bezzina-biens-stefan-sabot-chirurgiens-dentistes.fr\/it\/la-nostra-squadra\/dr-jean-guy-sabot\/"]}]},{"@type":"ImageObject","inLanguage":"it-IT","@id":"https:\/\/drs-bezzina-biens-stefan-sabot-chirurgiens-dentistes.fr\/it\/la-nostra-squadra\/dr-jean-guy-sabot\/#primaryimage","url":"https:\/\/drs-bezzina-biens-stefan-sabot-chirurgiens-dentistes.fr\/wp-content\/uploads\/2024\/06\/jean-guy-chirurgien-dentiste-parodontiste.webp","contentUrl":"https:\/\/drs-bezzina-biens-stefan-sabot-chirurgiens-dentistes.fr\/wp-content\/uploads\/2024\/06\/jean-guy-chirurgien-dentiste-parodontiste.webp","width":660,"height":880,"caption":"Dr Jean-Guy Sabot, Chirurgien Dentiste, Parodontiste exclusif \u00e0 Nice"},{"@type":"BreadcrumbList","@id":"https:\/\/drs-bezzina-biens-stefan-sabot-chirurgiens-dentistes.fr\/it\/la-nostra-squadra\/dr-jean-guy-sabot\/#breadcrumb","itemListElement":[{"@type":"ListItem","position":1,"name":"Accueil","item":"https:\/\/drs-bezzina-biens-stefan-sabot-chirurgiens-dentistes.fr\/it\/"},{"@type":"ListItem","position":2,"name":"Dr Jean-Guy Sabot"}]},{"@type":"WebSite","@id":"https:\/\/drs-bezzina-biens-stefan-sabot-chirurgiens-dentistes.fr\/it\/#website","url":"https:\/\/drs-bezzina-biens-stefan-sabot-chirurgiens-dentistes.fr\/it\/","name":"Cabinet B | Parodontie exclusive \u00e0 Nice","description":"Cabinet B des Drs Bezzina, Biens, Stefan &amp; Sabot \u00e0 Nice 06200","potentialAction":[{"@type":"SearchAction","target":{"@type":"EntryPoint","urlTemplate":"https:\/\/drs-bezzina-biens-stefan-sabot-chirurgiens-dentistes.fr\/it\/?s={search_term_string}"},"query-input":{"@type":"PropertyValueSpecification","valueRequired":true,"valueName":"search_term_string"}}],"inLanguage":"it-IT"}]}},"_links":{"self":[{"href":"https:\/\/drs-bezzina-biens-stefan-sabot-chirurgiens-dentistes.fr\/it\/wp-json\/wp\/v2\/notre-equipe\/440","targetHints":{"allow":["GET"]}}],"collection":[{"href":"https:\/\/drs-bezzina-biens-stefan-sabot-chirurgiens-dentistes.fr\/it\/wp-json\/wp\/v2\/notre-equipe"}],"about":[{"href":"https:\/\/drs-bezzina-biens-stefan-sabot-chirurgiens-dentistes.fr\/it\/wp-json\/wp\/v2\/types\/notre-equipe"}],"wp:featuredmedia":[{"embeddable":true,"href":"https:\/\/drs-bezzina-biens-stefan-sabot-chirurgiens-dentistes.fr\/it\/wp-json\/wp\/v2\/media\/910"}],"wp:attachment":[{"href":"https:\/\/drs-bezzina-biens-stefan-sabot-chirurgiens-dentistes.fr\/it\/wp-json\/wp\/v2\/media?parent=440"}],"curies":[{"name":"wp","href":"https:\/\/api.w.org\/{rel}","templated":true}]}}